{"id":342,"date":"2020-03-20T08:35:44","date_gmt":"2020-03-20T08:35:44","guid":{"rendered":"https:\/\/demo.creativethemes.com\/blocksy\/modern-shop\/?page_id=342"},"modified":"2020-03-20T08:35:44","modified_gmt":"2020-03-20T08:35:44","slug":"right-sidebar","status":"publish","type":"page","link":"https:\/\/terrabeautydenisse.com\/index.php\/right-sidebar\/","title":{"rendered":"Right Sidebar"},"content":{"rendered":"<div class=\"woocommerce columns-3 \"><div class=\"woocommerce-notices-wrapper\"><\/div><div class=\"woo-listing-top\"><p class=\"woocommerce-result-count\" >\n\tMostrando los 12 resultados<\/p>\n<form class=\"woocommerce-ordering\" method=\"get\">\n\t<select name=\"orderby\" class=\"orderby\" aria-label=\"Pedido de la tienda\">\n\t\t\t\t\t<option value=\"menu_order\"  selected='selected'>Orden predeterminado<\/option>\n\t\t\t\t\t<option value=\"popularity\" >Ordenar por popularidad<\/option>\n\t\t\t\t\t<option value=\"date\" >Ordenar por los \u00faltimos<\/option>\n\t\t\t\t\t<option value=\"price\" >Ordenar por precio: bajo a alto<\/option>\n\t\t\t\t\t<option value=\"price-desc\" >Ordenar por precio: alto a bajo<\/option>\n\t\t\t<\/select>\n\t<input type=\"hidden\" name=\"paged\" value=\"1\" \/>\n\t<\/form>\n<\/div><ul data-products=\"type-1\" class=\"products columns-3\">\n<li class=\"product type-product post-601 status-publish first instock product_cat-cuidado-capilar product_cat-tratamientos-capilares has-post-thumbnail sale featured shipping-taxable purchasable product-type-variable\">\n\t<a href=\"https:\/\/terrabeautydenisse.com\/index.php\/producto\/aceite-para-el-cabello-3-en-1-con-extractos-oleosos-de-argan-macadamia-y-monoi-de-tahiti-120-ml\/\" class=\"woocommerce-LoopProduct-link woocommerce-loop-product__link\">\n\t<span class=\"onsale\" data-shape=\"type-2\" >OFERTA<\/span>\n\t<img loading=\"lazy\" decoding=\"async\" width=\"300\" height=\"400\" src=\"https:\/\/terrabeautydenisse.com\/wp-content\/uploads\/2023\/11\/Aceite-Tratamiento-para-el-Cabello-3-en-1-Con-Extractos-Oleosos-de-Argan-Macadamia-y-Monoi-de-Tahiti-_-120-ml.png\" class=\"attachment-woocommerce_thumbnail size-woocommerce_thumbnail\" alt=\"\" \/><h2 class=\"woocommerce-loop-product__title\">Aceite para el Cabello 3 en 1 con Extractos Oleosos de Arg\u00e1n, Macadamia y Monoi de Tahit\u00ed<\/h2>\n\t<span class=\"price\"><span class=\"woocommerce-Price-amount amount\"><bdi><span class=\"woocommerce-Price-currencySymbol\">&#36;<\/span>297.00<\/bdi><\/span> &ndash; <span class=\"woocommerce-Price-amount amount\"><bdi><span class=\"woocommerce-Price-currencySymbol\">&#36;<\/span>513.00<\/bdi><\/span><\/span>\n<\/a><a href=\"https:\/\/terrabeautydenisse.com\/index.php\/producto\/aceite-para-el-cabello-3-en-1-con-extractos-oleosos-de-argan-macadamia-y-monoi-de-tahiti-120-ml\/\" aria-describedby=\"woocommerce_loop_add_to_cart_link_describedby_601\" data-quantity=\"1\" class=\"button product_type_variable add_to_cart_button\" data-product_id=\"601\" data-product_sku=\"\" aria-label=\"Elige las opciones para &ldquo;Aceite para el Cabello 3 en 1 con Extractos Oleosos de Arg\u00e1n, Macadamia y Monoi de Tahit\u00ed&rdquo;\" rel=\"nofollow\">Seleccionar opciones<\/a>\t<span id=\"woocommerce_loop_add_to_cart_link_describedby_601\" class=\"screen-reader-text\">\n\t\tEste producto tiene m\u00faltiples variantes. Las opciones se pueden elegir en la p\u00e1gina de producto\t<\/span>\n<\/li>\n<li class=\"product type-product post-607 status-publish instock product_cat-cuidado-capilar product_cat-shampoosyacondicionadores has-post-thumbnail shipping-taxable purchasable product-type-simple\">\n\t<a href=\"https:\/\/terrabeautydenisse.com\/index.php\/producto\/acondicionador-en-crema-para-el-cabello-con-extractos-de-seda-y-leche\/\" class=\"woocommerce-LoopProduct-link woocommerce-loop-product__link\"><img loading=\"lazy\" decoding=\"async\" width=\"300\" height=\"400\" src=\"https:\/\/terrabeautydenisse.com\/wp-content\/uploads\/2020\/03\/Acondicionador-en-crema-para-el-cabello-con-extractos-de-seda-y-leche-_-235-g-300x400.png\" class=\"attachment-woocommerce_thumbnail size-woocommerce_thumbnail\" alt=\"Acondicionador en crema para el cabello con extractos de seda y leche\" srcset=\"https:\/\/terrabeautydenisse.com\/wp-content\/uploads\/2020\/03\/Acondicionador-en-crema-para-el-cabello-con-extractos-de-seda-y-leche-_-235-g-300x400.png 300w, https:\/\/terrabeautydenisse.com\/wp-content\/uploads\/2020\/03\/Acondicionador-en-crema-para-el-cabello-con-extractos-de-seda-y-leche-_-235-g-600x800.png 600w, https:\/\/terrabeautydenisse.com\/wp-content\/uploads\/2020\/03\/Acondicionador-en-crema-para-el-cabello-con-extractos-de-seda-y-leche-_-235-g-225x300.png 225w, https:\/\/terrabeautydenisse.com\/wp-content\/uploads\/2020\/03\/Acondicionador-en-crema-para-el-cabello-con-extractos-de-seda-y-leche-_-235-g-768x1023.png 768w, https:\/\/terrabeautydenisse.com\/wp-content\/uploads\/2020\/03\/Acondicionador-en-crema-para-el-cabello-con-extractos-de-seda-y-leche-_-235-g.png 800w\" sizes=\"(max-width: 300px) 100vw, 300px\" \/><h2 class=\"woocommerce-loop-product__title\">Acondicionador en crema para el cabello con extractos de seda y leche<\/h2>\n\t<span class=\"price\"><span class=\"woocommerce-Price-amount amount\"><bdi><span class=\"woocommerce-Price-currencySymbol\">&#36;<\/span>350.00<\/bdi><\/span><\/span>\n<\/a><a href=\"?add-to-cart=607\" aria-describedby=\"woocommerce_loop_add_to_cart_link_describedby_607\" data-quantity=\"1\" class=\"button product_type_simple add_to_cart_button ajax_add_to_cart\" data-product_id=\"607\" data-product_sku=\"\" aria-label=\"A\u00f1adir al carrito: &ldquo;Acondicionador en crema para el cabello con extractos de seda y leche&rdquo;\" rel=\"nofollow\" data-success_message=\"\u00abAcondicionador en crema para el cabello con extractos de seda y leche\u00bb se ha a\u00f1adido a tu carrito\">A\u00f1adir al carrito<\/a>\t<span id=\"woocommerce_loop_add_to_cart_link_describedby_607\" class=\"screen-reader-text\">\n\t\t\t<\/span>\n<\/li>\n<li class=\"product type-product post-940 status-publish last instock product_cat-limpieza has-post-thumbnail sale shipping-taxable purchasable product-type-simple\">\n\t<a href=\"https:\/\/terrabeautydenisse.com\/index.php\/producto\/crema-limpiadora-facial-hidratante\/\" class=\"woocommerce-LoopProduct-link woocommerce-loop-product__link\">\n\t<span class=\"onsale\" data-shape=\"type-2\" >OFERTA<\/span>\n\t<img loading=\"lazy\" decoding=\"async\" width=\"300\" height=\"300\" src=\"https:\/\/terrabeautydenisse.com\/wp-content\/uploads\/2024\/04\/Crema-Limpiadora-Facial-Hidratante-Normal-y-o-Sensible-300x300.png\" class=\"attachment-woocommerce_thumbnail size-woocommerce_thumbnail\" alt=\"\" srcset=\"https:\/\/terrabeautydenisse.com\/wp-content\/uploads\/2024\/04\/Crema-Limpiadora-Facial-Hidratante-Normal-y-o-Sensible-300x300.png 300w, https:\/\/terrabeautydenisse.com\/wp-content\/uploads\/2024\/04\/Crema-Limpiadora-Facial-Hidratante-Normal-y-o-Sensible-150x150.png 150w, https:\/\/terrabeautydenisse.com\/wp-content\/uploads\/2024\/04\/Crema-Limpiadora-Facial-Hidratante-Normal-y-o-Sensible-100x100.png 100w, https:\/\/terrabeautydenisse.com\/wp-content\/uploads\/2024\/04\/Crema-Limpiadora-Facial-Hidratante-Normal-y-o-Sensible.png 500w\" sizes=\"(max-width: 300px) 100vw, 300px\" \/><h2 class=\"woocommerce-loop-product__title\">Crema Limpiadora Facial Hidratante<\/h2>\n\t<span class=\"price\"><span class=\"sale-price\"><del aria-hidden=\"true\"><span class=\"woocommerce-Price-amount amount\"><bdi><span class=\"woocommerce-Price-currencySymbol\">&#36;<\/span>350.00<\/bdi><\/span><\/del> <span class=\"screen-reader-text\">El precio original era: &#036;350.00.<\/span><ins aria-hidden=\"true\"><span class=\"woocommerce-Price-amount amount\"><bdi><span class=\"woocommerce-Price-currencySymbol\">&#36;<\/span>315.00<\/bdi><\/span><\/ins><span class=\"screen-reader-text\">El precio actual es: &#036;315.00.<\/span><\/span><\/span>\n<\/a><a href=\"?add-to-cart=940\" aria-describedby=\"woocommerce_loop_add_to_cart_link_describedby_940\" data-quantity=\"1\" class=\"button product_type_simple add_to_cart_button ajax_add_to_cart\" data-product_id=\"940\" data-product_sku=\"\" aria-label=\"A\u00f1adir al carrito: &ldquo;Crema Limpiadora Facial Hidratante&rdquo;\" rel=\"nofollow\" data-success_message=\"\u00abCrema Limpiadora Facial Hidratante\u00bb se ha a\u00f1adido a tu carrito\">A\u00f1adir al carrito<\/a>\t<span id=\"woocommerce_loop_add_to_cart_link_describedby_940\" class=\"screen-reader-text\">\n\t\t\t<\/span>\n<\/li>\n<li class=\"product type-product post-609 status-publish first instock product_cat-cuidado-capilar product_cat-productos-para-estilizado shipping-taxable purchasable product-type-simple\">\n\t<a href=\"https:\/\/terrabeautydenisse.com\/index.php\/producto\/crema-para-moldear-rizos-con-aceites-de-argan-coco-y-marango\/\" class=\"woocommerce-LoopProduct-link woocommerce-loop-product__link\"><img loading=\"lazy\" decoding=\"async\" width=\"300\" height=\"300\" src=\"https:\/\/terrabeautydenisse.com\/wp-content\/uploads\/woocommerce-placeholder-300x300.png\" class=\"woocommerce-placeholder wp-post-image\" alt=\"Marcador\" srcset=\"https:\/\/terrabeautydenisse.com\/wp-content\/uploads\/woocommerce-placeholder-300x300.png 300w, https:\/\/terrabeautydenisse.com\/wp-content\/uploads\/woocommerce-placeholder-100x100.png 100w, https:\/\/terrabeautydenisse.com\/wp-content\/uploads\/woocommerce-placeholder-600x600.png 600w, https:\/\/terrabeautydenisse.com\/wp-content\/uploads\/woocommerce-placeholder-500x500.png 500w, https:\/\/terrabeautydenisse.com\/wp-content\/uploads\/woocommerce-placeholder-1024x1024.png 1024w, https:\/\/terrabeautydenisse.com\/wp-content\/uploads\/woocommerce-placeholder-150x150.png 150w, https:\/\/terrabeautydenisse.com\/wp-content\/uploads\/woocommerce-placeholder-768x768.png 768w, https:\/\/terrabeautydenisse.com\/wp-content\/uploads\/woocommerce-placeholder.png 1200w\" sizes=\"(max-width: 300px) 100vw, 300px\" \/><h2 class=\"woocommerce-loop-product__title\">Crema para Moldear Rizos con Aceites de Arg\u00e1n, Coco y Marango<\/h2>\n\t<span class=\"price\"><span class=\"woocommerce-Price-amount amount\"><bdi><span class=\"woocommerce-Price-currencySymbol\">&#36;<\/span>460.00<\/bdi><\/span><\/span>\n<\/a><a href=\"?add-to-cart=609\" aria-describedby=\"woocommerce_loop_add_to_cart_link_describedby_609\" data-quantity=\"1\" class=\"button product_type_simple add_to_cart_button ajax_add_to_cart\" data-product_id=\"609\" data-product_sku=\"\" aria-label=\"A\u00f1adir al carrito: &ldquo;Crema para Moldear Rizos con Aceites de Arg\u00e1n, Coco y Marango&rdquo;\" rel=\"nofollow\" data-success_message=\"\u00abCrema para Moldear Rizos con Aceites de Arg\u00e1n, Coco y Marango\u00bb se ha a\u00f1adido a tu carrito\">A\u00f1adir al carrito<\/a>\t<span id=\"woocommerce_loop_add_to_cart_link_describedby_609\" class=\"screen-reader-text\">\n\t\t\t<\/span>\n<\/li>\n<li class=\"product type-product post-610 status-publish instock product_cat-cuidado-capilar product_cat-tratamientos-capilares shipping-taxable purchasable product-type-simple\">\n\t<a href=\"https:\/\/terrabeautydenisse.com\/index.php\/producto\/exfoliante-capilar-con-algas-marinas-acidos-frutales-y-semillas-de-fresa\/\" class=\"woocommerce-LoopProduct-link woocommerce-loop-product__link\"><img loading=\"lazy\" decoding=\"async\" width=\"300\" height=\"300\" src=\"https:\/\/terrabeautydenisse.com\/wp-content\/uploads\/woocommerce-placeholder-300x300.png\" class=\"woocommerce-placeholder wp-post-image\" alt=\"Marcador\" srcset=\"https:\/\/terrabeautydenisse.com\/wp-content\/uploads\/woocommerce-placeholder-300x300.png 300w, https:\/\/terrabeautydenisse.com\/wp-content\/uploads\/woocommerce-placeholder-100x100.png 100w, https:\/\/terrabeautydenisse.com\/wp-content\/uploads\/woocommerce-placeholder-600x600.png 600w, https:\/\/terrabeautydenisse.com\/wp-content\/uploads\/woocommerce-placeholder-500x500.png 500w, https:\/\/terrabeautydenisse.com\/wp-content\/uploads\/woocommerce-placeholder-1024x1024.png 1024w, https:\/\/terrabeautydenisse.com\/wp-content\/uploads\/woocommerce-placeholder-150x150.png 150w, https:\/\/terrabeautydenisse.com\/wp-content\/uploads\/woocommerce-placeholder-768x768.png 768w, https:\/\/terrabeautydenisse.com\/wp-content\/uploads\/woocommerce-placeholder.png 1200w\" sizes=\"(max-width: 300px) 100vw, 300px\" \/><h2 class=\"woocommerce-loop-product__title\">Exfoliante Capilar con algas Marinas, \u00c1cidos Frutales y Semillas de Fresa<\/h2>\n\t<span class=\"price\"><span class=\"woocommerce-Price-amount amount\"><bdi><span class=\"woocommerce-Price-currencySymbol\">&#36;<\/span>545.00<\/bdi><\/span><\/span>\n<\/a><a href=\"?add-to-cart=610\" aria-describedby=\"woocommerce_loop_add_to_cart_link_describedby_610\" data-quantity=\"1\" class=\"button product_type_simple add_to_cart_button ajax_add_to_cart\" data-product_id=\"610\" data-product_sku=\"\" aria-label=\"A\u00f1adir al carrito: &ldquo;Exfoliante Capilar con algas Marinas, \u00c1cidos Frutales y Semillas de Fresa&rdquo;\" rel=\"nofollow\" data-success_message=\"\u00abExfoliante Capilar con algas Marinas, \u00c1cidos Frutales y Semillas de Fresa\u00bb se ha a\u00f1adido a tu carrito\">A\u00f1adir al carrito<\/a>\t<span id=\"woocommerce_loop_add_to_cart_link_describedby_610\" class=\"screen-reader-text\">\n\t\t\t<\/span>\n<\/li>\n<li class=\"product type-product post-616 status-publish last instock product_cat-cuidado-capilar product_cat-productos-para-estilizado has-post-thumbnail shipping-taxable purchasable product-type-simple\">\n\t<a href=\"https:\/\/terrabeautydenisse.com\/index.php\/producto\/gel-capilar-anticaida-con-extractos-naturales-de-arnica-romero-y-limon\/\" class=\"woocommerce-LoopProduct-link woocommerce-loop-product__link\"><img loading=\"lazy\" decoding=\"async\" width=\"300\" height=\"400\" src=\"https:\/\/terrabeautydenisse.com\/wp-content\/uploads\/2023\/11\/Gel-Capilar-Anticaida-1.png\" class=\"attachment-woocommerce_thumbnail size-woocommerce_thumbnail\" alt=\"\" \/><h2 class=\"woocommerce-loop-product__title\">Gel Capilar Antica\u00edda<\/h2>\n\t<span class=\"price\"><span class=\"woocommerce-Price-amount amount\"><bdi><span class=\"woocommerce-Price-currencySymbol\">&#36;<\/span>350.00<\/bdi><\/span><\/span>\n<\/a><a href=\"?add-to-cart=616\" aria-describedby=\"woocommerce_loop_add_to_cart_link_describedby_616\" data-quantity=\"1\" class=\"button product_type_simple add_to_cart_button ajax_add_to_cart\" data-product_id=\"616\" data-product_sku=\"\" aria-label=\"A\u00f1adir al carrito: &ldquo;Gel Capilar Antica\u00edda&rdquo;\" rel=\"nofollow\" data-success_message=\"\u00abGel Capilar Antica\u00edda\u00bb se ha a\u00f1adido a tu carrito\">A\u00f1adir al carrito<\/a>\t<span id=\"woocommerce_loop_add_to_cart_link_describedby_616\" class=\"screen-reader-text\">\n\t\t\t<\/span>\n<\/li>\n<li class=\"product type-product post-611 status-publish first instock product_cat-cuidado-capilar product_cat-tratamientos-capilares has-post-thumbnail shipping-taxable purchasable product-type-simple\">\n\t<a href=\"https:\/\/terrabeautydenisse.com\/index.php\/producto\/locion-especializada-para-el-cuero-cabelludo\/\" class=\"woocommerce-LoopProduct-link woocommerce-loop-product__link\"><img loading=\"lazy\" decoding=\"async\" width=\"300\" height=\"400\" src=\"https:\/\/terrabeautydenisse.com\/wp-content\/uploads\/2023\/11\/Locion-Especializada-para-el-Cuero-Cabelludo-20-ml-4-aplicaciones-de-5-ml-c_uc_u.png\" class=\"attachment-woocommerce_thumbnail size-woocommerce_thumbnail\" alt=\"\" \/><h2 class=\"woocommerce-loop-product__title\">Loci\u00f3n Especializada para el Cuero Cabelludo<\/h2>\n\t<span class=\"price\"><span class=\"woocommerce-Price-amount amount\"><bdi><span class=\"woocommerce-Price-currencySymbol\">&#36;<\/span>290.00<\/bdi><\/span><\/span>\n<\/a><a href=\"?add-to-cart=611\" aria-describedby=\"woocommerce_loop_add_to_cart_link_describedby_611\" data-quantity=\"1\" class=\"button product_type_simple add_to_cart_button ajax_add_to_cart\" data-product_id=\"611\" data-product_sku=\"\" aria-label=\"A\u00f1adir al carrito: &ldquo;Loci\u00f3n Especializada para el Cuero Cabelludo&rdquo;\" rel=\"nofollow\" data-success_message=\"\u00abLoci\u00f3n Especializada para el Cuero Cabelludo\u00bb se ha a\u00f1adido a tu carrito\">A\u00f1adir al carrito<\/a>\t<span id=\"woocommerce_loop_add_to_cart_link_describedby_611\" class=\"screen-reader-text\">\n\t\t\t<\/span>\n<\/li>\n<li class=\"product type-product post-605 status-publish instock product_cat-cuidado-capilar product_cat-tratamientos-capilares has-post-thumbnail sale featured shipping-taxable purchasable product-type-simple\">\n\t<a href=\"https:\/\/terrabeautydenisse.com\/index.php\/producto\/mascarilla-intensiva-para-el-cabello-con-extractos-de-algas-aceite-de-argan-y-macadamia\/\" class=\"woocommerce-LoopProduct-link woocommerce-loop-product__link\">\n\t<span class=\"onsale\" data-shape=\"type-2\" >OFERTA<\/span>\n\t<img loading=\"lazy\" decoding=\"async\" width=\"300\" height=\"400\" src=\"https:\/\/terrabeautydenisse.com\/wp-content\/uploads\/2023\/11\/Mascarilla-Intensiva-para-el-Cabello-con-Extractos-de-Algas-Aceite-de-Argan-y-Macadamia-_-200-g.png\" class=\"attachment-woocommerce_thumbnail size-woocommerce_thumbnail\" alt=\"\" \/><h2 class=\"woocommerce-loop-product__title\">Mascarilla Intensiva para el Cabello con Extractos de Algas, Aceite de Arg\u00e1n y Macadamia<\/h2>\n\t<span class=\"price\"><span class=\"sale-price\"><del aria-hidden=\"true\"><span class=\"woocommerce-Price-amount amount\"><bdi><span class=\"woocommerce-Price-currencySymbol\">&#36;<\/span>405.00<\/bdi><\/span><\/del> <span class=\"screen-reader-text\">El precio original era: &#036;405.00.<\/span><ins aria-hidden=\"true\"><span class=\"woocommerce-Price-amount amount\"><bdi><span class=\"woocommerce-Price-currencySymbol\">&#36;<\/span>364.50<\/bdi><\/span><\/ins><span class=\"screen-reader-text\">El precio actual es: &#036;364.50.<\/span><\/span><\/span>\n<\/a><a href=\"?add-to-cart=605\" aria-describedby=\"woocommerce_loop_add_to_cart_link_describedby_605\" data-quantity=\"1\" class=\"button product_type_simple add_to_cart_button ajax_add_to_cart\" data-product_id=\"605\" data-product_sku=\"\" aria-label=\"A\u00f1adir al carrito: &ldquo;Mascarilla Intensiva para el Cabello con Extractos de Algas, Aceite de Arg\u00e1n y Macadamia&rdquo;\" rel=\"nofollow\" data-success_message=\"\u00abMascarilla Intensiva para el Cabello con Extractos de Algas, Aceite de Arg\u00e1n y Macadamia\u00bb se ha a\u00f1adido a tu carrito\">A\u00f1adir al carrito<\/a>\t<span id=\"woocommerce_loop_add_to_cart_link_describedby_605\" class=\"screen-reader-text\">\n\t\t\t<\/span>\n<\/li>\n<li class=\"product type-product post-612 status-publish last instock product_cat-cuidado-capilar product_cat-shampoosyacondicionadores has-post-thumbnail featured shipping-taxable purchasable product-type-simple\">\n\t<a href=\"https:\/\/terrabeautydenisse.com\/index.php\/producto\/shampoo-capilar-anticaida-con-extractos-naturales-de-arnica-romero-y-limon\/\" class=\"woocommerce-LoopProduct-link woocommerce-loop-product__link\"><img loading=\"lazy\" decoding=\"async\" width=\"300\" height=\"400\" src=\"https:\/\/terrabeautydenisse.com\/wp-content\/uploads\/2023\/11\/Shampoo-Capilar-Anticaida-1.png\" class=\"attachment-woocommerce_thumbnail size-woocommerce_thumbnail\" alt=\"\" \/><h2 class=\"woocommerce-loop-product__title\">Shampoo Capilar Antica\u00edda con Extractos Naturales de \u00c1rnica, Romero y Lim\u00f3n<\/h2>\n\t<span class=\"price\"><span class=\"woocommerce-Price-amount amount\"><bdi><span class=\"woocommerce-Price-currencySymbol\">&#36;<\/span>440.00<\/bdi><\/span><\/span>\n<\/a><a href=\"?add-to-cart=612\" aria-describedby=\"woocommerce_loop_add_to_cart_link_describedby_612\" data-quantity=\"1\" class=\"button product_type_simple add_to_cart_button ajax_add_to_cart\" data-product_id=\"612\" data-product_sku=\"\" aria-label=\"A\u00f1adir al carrito: &ldquo;Shampoo Capilar Antica\u00edda con Extractos Naturales de \u00c1rnica, Romero y Lim\u00f3n&rdquo;\" rel=\"nofollow\" data-success_message=\"\u00abShampoo Capilar Antica\u00edda con Extractos Naturales de \u00c1rnica, Romero y Lim\u00f3n\u00bb se ha a\u00f1adido a tu carrito\">A\u00f1adir al carrito<\/a>\t<span id=\"woocommerce_loop_add_to_cart_link_describedby_612\" class=\"screen-reader-text\">\n\t\t\t<\/span>\n<\/li>\n<li class=\"product type-product post-619 status-publish first instock product_cat-cuidado-capilar product_cat-shampoosyacondicionadores has-post-thumbnail shipping-taxable purchasable product-type-simple\">\n\t<a href=\"https:\/\/terrabeautydenisse.com\/index.php\/producto\/shampoo-matizador-para-cabello-terramar\/\" class=\"woocommerce-LoopProduct-link woocommerce-loop-product__link\"><img loading=\"lazy\" decoding=\"async\" width=\"300\" height=\"400\" src=\"https:\/\/terrabeautydenisse.com\/wp-content\/uploads\/2023\/11\/Shampoo-Matizador-Cabello-Tenido-Rubio_Luces-con-Extractos-de-Argan-Trigo-y-Jojoba-_-250-ml.png\" class=\"attachment-woocommerce_thumbnail size-woocommerce_thumbnail\" alt=\"\" \/><h2 class=\"woocommerce-loop-product__title\">Shampoo Matizador para Cabello<\/h2>\n\t<span class=\"price\"><span class=\"woocommerce-Price-amount amount\"><bdi><span class=\"woocommerce-Price-currencySymbol\">&#36;<\/span>395.00<\/bdi><\/span><\/span>\n<\/a><a href=\"?add-to-cart=619\" aria-describedby=\"woocommerce_loop_add_to_cart_link_describedby_619\" data-quantity=\"1\" class=\"button product_type_simple add_to_cart_button ajax_add_to_cart\" data-product_id=\"619\" data-product_sku=\"\" aria-label=\"A\u00f1adir al carrito: &ldquo;Shampoo Matizador para Cabello&rdquo;\" rel=\"nofollow\" data-success_message=\"\u00abShampoo Matizador para Cabello\u00bb se ha a\u00f1adido a tu carrito\">A\u00f1adir al carrito<\/a>\t<span id=\"woocommerce_loop_add_to_cart_link_describedby_619\" class=\"screen-reader-text\">\n\t\t\t<\/span>\n<\/li>\n<li class=\"product type-product post-624 status-publish instock product_cat-cuidado-capilar product_cat-tratamientos-capilares has-post-thumbnail featured shipping-taxable purchasable product-type-simple\">\n\t<a href=\"https:\/\/terrabeautydenisse.com\/index.php\/producto\/suero-concentrado-para-puntas-maltratadas\/\" class=\"woocommerce-LoopProduct-link woocommerce-loop-product__link\"><img loading=\"lazy\" decoding=\"async\" width=\"300\" height=\"400\" src=\"https:\/\/terrabeautydenisse.com\/wp-content\/uploads\/2023\/11\/Suero-Concentrado-para-Puntas-Maltratadas-40-ml-8-aplicaciones-de-5ml-c_u.png\" class=\"attachment-woocommerce_thumbnail size-woocommerce_thumbnail\" alt=\"\" \/><h2 class=\"woocommerce-loop-product__title\">Suero Concentrado para Puntas Maltratadas<\/h2>\n\t<span class=\"price\"><span class=\"woocommerce-Price-amount amount\"><bdi><span class=\"woocommerce-Price-currencySymbol\">&#36;<\/span>435.00<\/bdi><\/span><\/span>\n<\/a><a href=\"?add-to-cart=624\" aria-describedby=\"woocommerce_loop_add_to_cart_link_describedby_624\" data-quantity=\"1\" class=\"button product_type_simple add_to_cart_button ajax_add_to_cart\" data-product_id=\"624\" data-product_sku=\"\" aria-label=\"A\u00f1adir al carrito: &ldquo;Suero Concentrado para Puntas Maltratadas&rdquo;\" rel=\"nofollow\" data-success_message=\"\u00abSuero Concentrado para Puntas Maltratadas\u00bb se ha a\u00f1adido a tu carrito\">A\u00f1adir al carrito<\/a>\t<span id=\"woocommerce_loop_add_to_cart_link_describedby_624\" class=\"screen-reader-text\">\n\t\t\t<\/span>\n<\/li>\n<li class=\"product type-product post-614 status-publish last instock product_cat-cuidado-capilar product_cat-tratamientos-capilares has-post-thumbnail featured shipping-taxable purchasable product-type-simple\">\n\t<a href=\"https:\/\/terrabeautydenisse.com\/index.php\/producto\/tratamiento-capilar-anticaida-con-extractos-naturales-de-arnica-romero-y-limon\/\" class=\"woocommerce-LoopProduct-link woocommerce-loop-product__link\"><img loading=\"lazy\" decoding=\"async\" width=\"300\" height=\"400\" src=\"https:\/\/terrabeautydenisse.com\/wp-content\/uploads\/2023\/11\/Tratamiento-Capilar-Anticaida-1.png\" class=\"attachment-woocommerce_thumbnail size-woocommerce_thumbnail\" alt=\"\" \/><h2 class=\"woocommerce-loop-product__title\">Tratamiento Capilar Antica\u00edda con Extractos Naturales de \u00c1rnica, Romero y Lim\u00f3n<\/h2>\n\t<span class=\"price\"><span class=\"woocommerce-Price-amount amount\"><bdi><span class=\"woocommerce-Price-currencySymbol\">&#36;<\/span>910.00<\/bdi><\/span><\/span>\n<\/a><a href=\"?add-to-cart=614\" aria-describedby=\"woocommerce_loop_add_to_cart_link_describedby_614\" data-quantity=\"1\" class=\"button product_type_simple add_to_cart_button ajax_add_to_cart\" data-product_id=\"614\" data-product_sku=\"\" aria-label=\"A\u00f1adir al carrito: &ldquo;Tratamiento Capilar Antica\u00edda con Extractos Naturales de \u00c1rnica, Romero y Lim\u00f3n&rdquo;\" rel=\"nofollow\" data-success_message=\"\u00abTratamiento Capilar Antica\u00edda con Extractos Naturales de \u00c1rnica, Romero y Lim\u00f3n\u00bb se ha a\u00f1adido a tu carrito\">A\u00f1adir al carrito<\/a>\t<span id=\"woocommerce_loop_add_to_cart_link_describedby_614\" class=\"screen-reader-text\">\n\t\t\t<\/span>\n<\/li>\n<\/ul>\n<\/div>","protected":false},"excerpt":{"rendered":"","protected":false},"author":1,"featured_media":0,"parent":0,"menu_order":0,"comment_status":"closed","ping_status":"closed","template":"","meta":{"footnotes":""},"blocksy_meta":{"page_title_panel":"","has_hero_section":"disabled","ca408bac51dcb9bebe89ae8b4f61bac4":"","hero_section":"type-2","hero_alignment1":"left","hero_alignment2":"center","hero_height":{"0":"2","1":"3","2":"0","3":"p","4":"x","desktop":"600px","tablet":"500px","mobile":"400px","__changed":["tablet","tablet","mobile","mobile"]},"page_title_bg_type":"custom_image","custom_hero_background":{"attachment_id":121,"url":"https:\/\/demo.creativethemes.com\/blocksy\/modern-shop\/wp-content\/uploads\/2020\/03\/balazs-busznyak-3mtcyvbAqzM-unsplash-1024x422.jpg"},"parallax":{"desktop":true,"tablet":false,"mobile":false},"af9301a3d562ad1ee5149d665c6678f7":"","single_meta_elements":{"author":false,"date":false,"categories":false,"comments":false,"updated":false,"tags":false},"has_meta_label":"yes","has_meta_avatar":"yes","date_format_source":"custom","single_meta_date_format":"M j, Y","5e88965349a5131a386b5afbb005459d":"","page_excerpt_visibility":{"desktop":true,"tablet":true,"mobile":true},"pageTitleFont":{"family":"Default","variation":"n9","size":{"desktop":"55px","tablet":"40px","mobile":"30px","__changed":["tablet","tablet","mobile","mobile","mobile"]},"line-height":"1.3","letter-spacing":"CT_CSS_SKIP_RULE","text-transform":"CT_CSS_SKIP_RULE","text-decoration":"CT_CSS_SKIP_RULE"},"pageTitleFontColor":{"default":{"color":"CT_CSS_SKIP_RULEDEFAULT"}},"pageMetaFont":{"family":"Default","variation":"n6","size":{"desktop":"12px","tablet":"12px","mobile":"12px"},"line-height":"1.3","letter-spacing":"CT_CSS_SKIP_RULE","text-transform":"uppercase","text-decoration":"CT_CSS_SKIP_RULE"},"pageMetaFontColor":{"default":{"color":"CT_CSS_SKIP_RULEDEFAULT"},"hover":{"color":"CT_CSS_SKIP_RULEDEFAULT"}},"pageExcerptFont":{"family":"Default","variation":"n5","size":"CT_CSS_SKIP_RULE","line-height":"CT_CSS_SKIP_RULE","letter-spacing":"CT_CSS_SKIP_RULE","text-transform":"CT_CSS_SKIP_RULE","text-decoration":"CT_CSS_SKIP_RULE"},"pageExcerptColor":{"default":{"color":"CT_CSS_SKIP_RULEDEFAULT"}},"pageTitleOverlay":{"default":{"color":"CT_CSS_SKIP_RULE"}},"pageTitleBackground":{"background_type":"color","background_pattern":"type-1","background_image":{"attachment_id":null,"x":0,"y":0},"background_repeat":"no-repeat","background_size":"auto","background_attachment":"scroll","patternColor":{"default":{"color":"#e5e7ea"}},"backgroundColor":{"default":{"color":"#EDEFF2"}},"default":{"color":"#EDEFF2"}},"282ec0a124d34d30d0d8d3a9c523dbac":"","page_structure_type":"type-1","page_enable_vertical_spacing":"yes","cbbde535f644fc423e9a6766ced4a7f8":"","disable_featured_image":"no","74525664560c40b1fddeed8df99ff73d":"","8b567b42aa9789a2d383c103bdcddf78":"","18bd84f9503f175bb0aef0747cc76ed4":"","0870e10555acdcbe2c2242a74e7a36ab":"","4f9767c69a1b58ce278f6af330f81cce":"","0dcf98d593a5841c1d4a9e42f4d16483":"","76185a1740eab568196cb8afd2e18caf":"","e3ec5fb8b5b2c3e51be0632aacba027e":"","a2a1a09e1bbd3dfdce11730920eed479":"","e44cb18390ea10605857667ed41a36b6":"","ecbb1f7832e5657c0ebc01ba76f8d6dd":"","a804b9bb6012924197a1bd28d013cb93":"","95a53b3c6213793f2e4e9f807f63bb56":"","1de70472ecf8b6914b908cab64081169":"","659a7899ff6d700dcdd5873d2fa92c51":"","172d30965e66430495166bc73429a901":"","hero_elements":[{"id":"custom_title","enabled":true,"heading_tag":"h1","title":"Home"},{"id":"custom_description","enabled":true,"description_visibility":{"desktop":true,"tablet":true,"mobile":false}},{"id":"custom_meta","enabled":false,"meta_elements":[{"id":"author","enabled":true,"label":"By","has_author_avatar":"yes","avatar_size":25},{"id":"post_date","enabled":true,"label":"On","date_format_source":"default","date_format":"M j, Y"},{"id":"comments","enabled":true}],"page_meta_elements":{"joined":true,"articles_count":true,"comments":true}},{"id":"breadcrumbs","enabled":false}],"cc46d5c7885f8a6f23420d5b88a137f5":"","hero_vertical_alignment":"center","hero_structure":"narrow","breadcrumbsFont":{"family":"Default","variation":"n6","size":"12px","line-height":"CT_CSS_SKIP_RULE","letter-spacing":"CT_CSS_SKIP_RULE","text-transform":"uppercase","text-decoration":"CT_CSS_SKIP_RULE"},"breadcrumbsFontColor":{"default":{"color":"CT_CSS_SKIP_RULEDEFAULT"},"initial":{"color":"CT_CSS_SKIP_RULEDEFAULT"},"hover":{"color":"CT_CSS_SKIP_RULEDEFAULT"}},"d418504559648fe9acdd0289cedd3b6d":"","content_style":"inherit","vertical_spacing_source":"inherit","content_area_spacing":"both","background":{"background_type":"color","background_pattern":"type-1","background_image":{"attachment_id":null,"x":0,"y":0},"background_repeat":"no-repeat","background_size":"auto","background_attachment":"scroll","patternColor":{"default":{"color":"#e5e7ea"}},"backgroundColor":{"default":{"color":"CT_CSS_SKIP_RULE"}}},"content_background":{"background_type":"color","background_pattern":"type-1","background_image":{"attachment_id":null,"x":0,"y":0},"background_repeat":"no-repeat","background_size":"auto","background_attachment":"scroll","patternColor":{"default":{"color":"#e5e7ea"}},"backgroundColor":{"default":{"color":"#ffffff"}}},"content_boxed_spacing":{"desktop":"40px","tablet":"35px","mobile":"20px"},"content_boxed_radius":{"top":"3px","bottom":"3px","left":"3px","right":"3px","linked":true},"content_boxed_shadow":{"blur":18,"spread":-6,"v_offset":12,"h_offset":0,"inset":false,"enable":true,"color":{"color":"rgba(34, 56, 101, 0.04)"}},"526bd93416e432c5eab78cd6e0d2e021":"","ae6f1d97ab29906e8ead882aa6a3dab2":"","c06f63c19bd431abf7a8f76f180f2f4f":"","1f4d31e3e256da9d99bc531520a76945":"","0da82cd6c913f52f526d6f023108ed88":"","aaa9e52e8e795eb3c558fa5302130140":"","disable_header":"no","disable_footer":"no","styles_descriptor":{"styles":{"desktop":"","tablet":"","mobile":""},"google_fonts":[],"version":6}},"featured_image_urls":{"full":"","thumbnail":"","medium":"","medium_large":"","large":"","1536x1536":"","2048x2048":"","woocommerce_archive_thumbnail":"","woocommerce_thumbnail":"","woocommerce_single":"","woocommerce_gallery_thumbnail":""},"post_excerpt_stackable":"<p>Mostrando los 12 resultados Orden predeterminado Ordenar por popularidad Ordenar por los \u00faltimos Ordenar por precio: bajo a alto Ordenar por precio: alto a bajo OFERTA Aceite para el Cabello 3 en 1 con Extractos Oleosos de Arg\u00e1n, Macadamia y Monoi de Tahit\u00ed &#36;297.00 &ndash; &#36;513.00 Seleccionar opciones Este producto tiene m\u00faltiples variantes. Las opciones se pueden elegir en la p\u00e1gina de producto Acondicionador en crema para el cabello con extractos de seda y leche &#36;350.00 A\u00f1adir al carrito OFERTA Crema Limpiadora Facial Hidratante &#36;350.00 El precio original era: &#036;350.00.&#36;315.00El precio actual es: &#036;315.00. A\u00f1adir al carrito Crema para Moldear&hellip;<\/p>\n","category_list":"","author_info":{"name":"terrabeautydenisse.com","url":"https:\/\/terrabeautydenisse.com\/index.php\/author\/terramarbeautystore-com\/"},"comments_num":"0 comentarios","_links":{"self":[{"href":"https:\/\/terrabeautydenisse.com\/index.php\/wp-json\/wp\/v2\/pages\/342"}],"collection":[{"href":"https:\/\/terrabeautydenisse.com\/index.php\/wp-json\/wp\/v2\/pages"}],"about":[{"href":"https:\/\/terrabeautydenisse.com\/index.php\/wp-json\/wp\/v2\/types\/page"}],"author":[{"embeddable":true,"href":"https:\/\/terrabeautydenisse.com\/index.php\/wp-json\/wp\/v2\/users\/1"}],"replies":[{"embeddable":true,"href":"https:\/\/terrabeautydenisse.com\/index.php\/wp-json\/wp\/v2\/comments?post=342"}],"version-history":[{"count":0,"href":"https:\/\/terrabeautydenisse.com\/index.php\/wp-json\/wp\/v2\/pages\/342\/revisions"}],"wp:attachment":[{"href":"https:\/\/terrabeautydenisse.com\/index.php\/wp-json\/wp\/v2\/media?parent=342"}],"curies":[{"name":"wp","href":"https:\/\/api.w.org\/{rel}","templated":true}]}}